{"version":"1.0","provider_name":"Val\u00e9rie Provost - Conception web","provider_url":"https:\/\/www.valprovost.com\/en\/","title":"Soci\u00e9t\u00e9 Alzheimer des Maskoutains-Vall\u00e9e des Patriotes | Val\u00e9rie Provost - Conception web","type":"rich","width":600,"height":338,"html":"<blockquote class=\"wp-embedded-content\" data-secret=\"IgICmlZkJh\"><a href=\"https:\/\/www.valprovost.com\/en\/project\/societe-alzheimer-des-maskoutains-vallee-des-patriotes\/\">Soci\u00e9t\u00e9 Alzheimer des Maskoutains-Vall\u00e9e des Patriotes<\/a><\/blockquote><iframe sandbox=\"allow-scripts\" security=\"restricted\" src=\"https:\/\/www.valprovost.com\/en\/project\/societe-alzheimer-des-maskoutains-vallee-des-patriotes\/embed\/#?secret=IgICmlZkJh\" width=\"600\" height=\"338\" title=\"&#8220;Soci\u00e9t\u00e9 Alzheimer des Maskoutains-Vall\u00e9e des Patriotes&#8221; &#8212; Val\u00e9rie Provost - Conception web\" data-secret=\"IgICmlZkJh\" frameborder=\"0\" marginwidth=\"0\" marginheight=\"0\" scrolling=\"no\" class=\"wp-embedded-content\"><\/iframe><script type=\"text\/javascript\">\n\/* <![CDATA[ *\/\n\/*! This file is auto-generated *\/\n!function(d,l){\"use strict\";l.querySelector&&d.addEventListener&&\"undefined\"!=typeof URL&&(d.wp=d.wp||{},d.wp.receiveEmbedMessage||(d.wp.receiveEmbedMessage=function(e){var t=e.data;if((t||t.secret||t.message||t.value)&&!\/[^a-zA-Z0-9]\/.test(t.secret)){for(var s,r,n,a=l.querySelectorAll('iframe[data-secret=\"'+t.secret+'\"]'),o=l.querySelectorAll('blockquote[data-secret=\"'+t.secret+'\"]'),c=new RegExp(\"^https?:$\",\"i\"),i=0;i<o.length;i++)o[i].style.display=\"none\";for(i=0;i<a.length;i++)s=a[i],e.source===s.contentWindow&&(s.removeAttribute(\"style\"),\"height\"===t.message?(1e3<(r=parseInt(t.value,10))?r=1e3:~~r<200&&(r=200),s.height=r):\"link\"===t.message&&(r=new URL(s.getAttribute(\"src\")),n=new URL(t.value),c.test(n.protocol))&&n.host===r.host&&l.activeElement===s&&(d.top.location.href=t.value))}},d.addEventListener(\"message\",d.wp.receiveEmbedMessage,!1),l.addEventListener(\"DOMContentLoaded\",function(){for(var e,t,s=l.querySelectorAll(\"iframe.wp-embedded-content\"),r=0;r<s.length;r++)(t=(e=s[r]).getAttribute(\"data-secret\"))||(t=Math.random().toString(36).substring(2,12),e.src+=\"#?secret=\"+t,e.setAttribute(\"data-secret\",t)),e.contentWindow.postMessage({message:\"ready\",secret:t},\"*\")},!1)))}(window,document);\n\/\/# sourceURL=https:\/\/www.valprovost.com\/wp-includes\/js\/wp-embed.min.js\n\/* ]]> *\/\n<\/script>\n","thumbnail_url":"https:\/\/www.valprovost.com\/wp-content\/uploads\/2016\/11\/societe-alzheimer.jpg","thumbnail_width":1215,"thumbnail_height":1814,"description":"En collaboration avec Marie-\u00c8ve Leclair qui a cr\u00e9\u00e9 un visuel au go\u00fbt du jour et ergonomique, nous avons proc\u00e9d\u00e9 \u00e0 une refonte compl\u00e8te du site de la Soci\u00e9t\u00e9. Comprenant les \u00e9v\u00e9nements \u00e0 venir, les nouvelles et des chroniques destin\u00e9es \u00e0 informer sur la maladie d\u2019Alzheimer, ce nouveau site se veut plus accessible et pratique pour [&hellip;]"}