{"id":2361,"date":"2016-11-11T21:27:37","date_gmt":"2016-11-12T02:27:37","guid":{"rendered":"https:\/\/www.valprovost.com\/?post_type=cpt_projets&#038;p=2361"},"modified":"2022-11-21T21:27:52","modified_gmt":"2022-11-22T02:27:52","slug":"societe-alzheimer-des-maskoutains-vallee-des-patriotes","status":"publish","type":"cpt_projets","link":"https:\/\/www.valprovost.com\/en\/project\/societe-alzheimer-des-maskoutains-vallee-des-patriotes\/","title":{"rendered":"Soci\u00e9t\u00e9 Alzheimer des Maskoutains-Vall\u00e9e des Patriotes"},"content":{"rendered":"\n<p>En collaboration avec Marie-\u00c8ve Leclair qui a cr\u00e9\u00e9 un visuel au go\u00fbt du jour et ergonomique, nous avons proc\u00e9d\u00e9 \u00e0 une refonte compl\u00e8te du site de la Soci\u00e9t\u00e9. Comprenant les \u00e9v\u00e9nements \u00e0 venir, les nouvelles et des chroniques destin\u00e9es \u00e0 informer sur la maladie d\u2019Alzheimer, ce nouveau site se veut plus accessible et pratique pour les gens qui accompagnes les malades, les professionnels de la sant\u00e9 et ceux qui ont la cause \u00e0 c\u0153ur.<\/p>\n","protected":false},"featured_media":1583,"template":"","cpt_projets_cat":[89],"cpt_projets_design":[90],"cpt_projets_charge":[],"class_list":["post-2361","cpt_projets","type-cpt_projets","status-publish","has-post-thumbnail","hentry","cpt_projets_cat-developpement-wordpress-sur-mesure","cpt_projets_design-marie-eve-leclair"],"acf":[],"yoast_head":"<!-- This site is optimized with the Yoast SEO plugin v27.3 - https:\/\/yoast.com\/product\/yoast-seo-wordpress\/ -->\n<title>Soci\u00e9t\u00e9 Alzheimer des Maskoutains-Vall\u00e9e des Patriotes | Val\u00e9rie Provost - Conception web<\/title>\n<meta name=\"robots\" content=\"index, follow, max-snippet:-1, max-image-preview:large, max-video-preview:-1\" \/>\n<link rel=\"canonical\" href=\"https:\/\/www.valprovost.com\/en\/project\/societe-alzheimer-des-maskoutains-vallee-des-patriotes\/\" \/>\n<meta property=\"og:locale\" content=\"en_US\" \/>\n<meta property=\"og:type\" content=\"article\" \/>\n<meta property=\"og:title\" content=\"Soci\u00e9t\u00e9 Alzheimer des Maskoutains-Vall\u00e9e des Patriotes | Val\u00e9rie Provost - Conception web\" \/>\n<meta property=\"og:description\" content=\"En collaboration avec Marie-\u00c8ve Leclair qui a cr\u00e9\u00e9 un visuel au go\u00fbt du jour et ergonomique, nous avons proc\u00e9d\u00e9 \u00e0 une refonte compl\u00e8te du site de la Soci\u00e9t\u00e9. Comprenant les \u00e9v\u00e9nements \u00e0 venir, les nouvelles et des chroniques destin\u00e9es \u00e0 informer sur la maladie d\u2019Alzheimer, ce nouveau site se veut plus accessible et pratique pour [&hellip;]\" \/>\n<meta property=\"og:url\" content=\"https:\/\/www.valprovost.com\/en\/project\/societe-alzheimer-des-maskoutains-vallee-des-patriotes\/\" \/>\n<meta property=\"og:site_name\" content=\"Val\u00e9rie Provost - Conception web\" \/>\n<meta property=\"article:publisher\" content=\"https:\/\/www.facebook.com\/valerie.provost.web\/\" \/>\n<meta property=\"article:modified_time\" content=\"2022-11-22T02:27:52+00:00\" \/>\n<meta property=\"og:image\" content=\"https:\/\/www.valprovost.com\/wp-content\/uploads\/2016\/11\/societe-alzheimer.jpg\" \/>\n\t<meta property=\"og:image:width\" content=\"1215\" \/>\n\t<meta property=\"og:image:height\" content=\"1814\" \/>\n\t<meta property=\"og:image:type\" content=\"image\/jpeg\" \/>\n<meta name=\"twitter:card\" content=\"summary_large_image\" \/>\n<meta name=\"twitter:label1\" content=\"Est. reading time\" \/>\n\t<meta name=\"twitter:data1\" content=\"1 minute\" \/>\n<script type=\"application\/ld+json\" class=\"yoast-schema-graph\">{\"@context\":\"https:\\\/\\\/schema.org\",\"@graph\":[{\"@type\":\"WebPage\",\"@id\":\"https:\\\/\\\/www.valprovost.com\\\/en\\\/project\\\/societe-alzheimer-des-maskoutains-vallee-des-patriotes\\\/\",\"url\":\"https:\\\/\\\/www.valprovost.com\\\/en\\\/project\\\/societe-alzheimer-des-maskoutains-vallee-des-patriotes\\\/\",\"name\":\"Soci\u00e9t\u00e9 Alzheimer des Maskoutains-Vall\u00e9e des Patriotes | Val\u00e9rie Provost - Conception web\",\"isPartOf\":{\"@id\":\"https:\\\/\\\/www.valprovost.com\\\/en\\\/#website\"},\"primaryImageOfPage\":{\"@id\":\"https:\\\/\\\/www.valprovost.com\\\/en\\\/project\\\/societe-alzheimer-des-maskoutains-vallee-des-patriotes\\\/#primaryimage\"},\"image\":{\"@id\":\"https:\\\/\\\/www.valprovost.com\\\/en\\\/project\\\/societe-alzheimer-des-maskoutains-vallee-des-patriotes\\\/#primaryimage\"},\"thumbnailUrl\":\"https:\\\/\\\/www.valprovost.com\\\/wp-content\\\/uploads\\\/2016\\\/11\\\/societe-alzheimer.jpg\",\"datePublished\":\"2016-11-12T02:27:37+00:00\",\"dateModified\":\"2022-11-22T02:27:52+00:00\",\"breadcrumb\":{\"@id\":\"https:\\\/\\\/www.valprovost.com\\\/en\\\/project\\\/societe-alzheimer-des-maskoutains-vallee-des-patriotes\\\/#breadcrumb\"},\"inLanguage\":\"en-US\",\"potentialAction\":[{\"@type\":\"ReadAction\",\"target\":[\"https:\\\/\\\/www.valprovost.com\\\/en\\\/project\\\/societe-alzheimer-des-maskoutains-vallee-des-patriotes\\\/\"]}]},{\"@type\":\"ImageObject\",\"inLanguage\":\"en-US\",\"@id\":\"https:\\\/\\\/www.valprovost.com\\\/en\\\/project\\\/societe-alzheimer-des-maskoutains-vallee-des-patriotes\\\/#primaryimage\",\"url\":\"https:\\\/\\\/www.valprovost.com\\\/wp-content\\\/uploads\\\/2016\\\/11\\\/societe-alzheimer.jpg\",\"contentUrl\":\"https:\\\/\\\/www.valprovost.com\\\/wp-content\\\/uploads\\\/2016\\\/11\\\/societe-alzheimer.jpg\",\"width\":1215,\"height\":1814},{\"@type\":\"BreadcrumbList\",\"@id\":\"https:\\\/\\\/www.valprovost.com\\\/en\\\/project\\\/societe-alzheimer-des-maskoutains-vallee-des-patriotes\\\/#breadcrumb\",\"itemListElement\":[{\"@type\":\"ListItem\",\"position\":1,\"name\":\"Accueil\",\"item\":\"https:\\\/\\\/www.valprovost.com\\\/en\\\/\"},{\"@type\":\"ListItem\",\"position\":2,\"name\":\"Projects\",\"item\":\"https:\\\/\\\/www.valprovost.com\\\/en\\\/projets\\\/\"},{\"@type\":\"ListItem\",\"position\":3,\"name\":\"Soci\u00e9t\u00e9 Alzheimer des Maskoutains-Vall\u00e9e des Patriotes\"}]},{\"@type\":\"WebSite\",\"@id\":\"https:\\\/\\\/www.valprovost.com\\\/en\\\/#website\",\"url\":\"https:\\\/\\\/www.valprovost.com\\\/en\\\/\",\"name\":\"Val\u00e9rie Provost - Conception web\",\"description\":\"Sp\u00e9cialiste WordPress et Shopify\",\"publisher\":{\"@id\":\"https:\\\/\\\/www.valprovost.com\\\/en\\\/#organization\"},\"potentialAction\":[{\"@type\":\"SearchAction\",\"target\":{\"@type\":\"EntryPoint\",\"urlTemplate\":\"https:\\\/\\\/www.valprovost.com\\\/en\\\/?s={search_term_string}\"},\"query-input\":{\"@type\":\"PropertyValueSpecification\",\"valueRequired\":true,\"valueName\":\"search_term_string\"}}],\"inLanguage\":\"en-US\"},{\"@type\":\"Organization\",\"@id\":\"https:\\\/\\\/www.valprovost.com\\\/en\\\/#organization\",\"name\":\"Val\u00e9rie Provost - Conception web\",\"url\":\"https:\\\/\\\/www.valprovost.com\\\/en\\\/\",\"logo\":{\"@type\":\"ImageObject\",\"inLanguage\":\"en-US\",\"@id\":\"https:\\\/\\\/www.valprovost.com\\\/en\\\/#\\\/schema\\\/logo\\\/image\\\/\",\"url\":\"https:\\\/\\\/www.valprovost.com\\\/wp-content\\\/uploads\\\/2022\\\/11\\\/logo_2022_v01.png\",\"contentUrl\":\"https:\\\/\\\/www.valprovost.com\\\/wp-content\\\/uploads\\\/2022\\\/11\\\/logo_2022_v01.png\",\"width\":\"600\",\"height\":\"200\",\"caption\":\"Val\u00e9rie Provost - Conception web\"},\"image\":{\"@id\":\"https:\\\/\\\/www.valprovost.com\\\/en\\\/#\\\/schema\\\/logo\\\/image\\\/\"},\"sameAs\":[\"https:\\\/\\\/www.facebook.com\\\/valerie.provost.web\\\/\",\"https:\\\/\\\/www.linkedin.com\\\/in\\\/valerieprovost\\\/\",\"https:\\\/\\\/www.pinterest.com\\\/valerieprovost\\\/\"]}]}<\/script>\n<!-- \/ Yoast SEO plugin. -->","yoast_head_json":{"title":"Soci\u00e9t\u00e9 Alzheimer des Maskoutains-Vall\u00e9e des Patriotes | Val\u00e9rie Provost - Conception web","robots":{"index":"index","follow":"follow","max-snippet":"max-snippet:-1","max-image-preview":"max-image-preview:large","max-video-preview":"max-video-preview:-1"},"canonical":"https:\/\/www.valprovost.com\/en\/project\/societe-alzheimer-des-maskoutains-vallee-des-patriotes\/","og_locale":"en_US","og_type":"article","og_title":"Soci\u00e9t\u00e9 Alzheimer des Maskoutains-Vall\u00e9e des Patriotes | Val\u00e9rie Provost - Conception web","og_description":"En collaboration avec Marie-\u00c8ve Leclair qui a cr\u00e9\u00e9 un visuel au go\u00fbt du jour et ergonomique, nous avons proc\u00e9d\u00e9 \u00e0 une refonte compl\u00e8te du site de la Soci\u00e9t\u00e9. Comprenant les \u00e9v\u00e9nements \u00e0 venir, les nouvelles et des chroniques destin\u00e9es \u00e0 informer sur la maladie d\u2019Alzheimer, ce nouveau site se veut plus accessible et pratique pour [&hellip;]","og_url":"https:\/\/www.valprovost.com\/en\/project\/societe-alzheimer-des-maskoutains-vallee-des-patriotes\/","og_site_name":"Val\u00e9rie Provost - Conception web","article_publisher":"https:\/\/www.facebook.com\/valerie.provost.web\/","article_modified_time":"2022-11-22T02:27:52+00:00","og_image":[{"width":1215,"height":1814,"url":"https:\/\/www.valprovost.com\/wp-content\/uploads\/2016\/11\/societe-alzheimer.jpg","type":"image\/jpeg"}],"twitter_card":"summary_large_image","twitter_misc":{"Est. reading time":"1 minute"},"schema":{"@context":"https:\/\/schema.org","@graph":[{"@type":"WebPage","@id":"https:\/\/www.valprovost.com\/en\/project\/societe-alzheimer-des-maskoutains-vallee-des-patriotes\/","url":"https:\/\/www.valprovost.com\/en\/project\/societe-alzheimer-des-maskoutains-vallee-des-patriotes\/","name":"Soci\u00e9t\u00e9 Alzheimer des Maskoutains-Vall\u00e9e des Patriotes | Val\u00e9rie Provost - Conception web","isPartOf":{"@id":"https:\/\/www.valprovost.com\/en\/#website"},"primaryImageOfPage":{"@id":"https:\/\/www.valprovost.com\/en\/project\/societe-alzheimer-des-maskoutains-vallee-des-patriotes\/#primaryimage"},"image":{"@id":"https:\/\/www.valprovost.com\/en\/project\/societe-alzheimer-des-maskoutains-vallee-des-patriotes\/#primaryimage"},"thumbnailUrl":"https:\/\/www.valprovost.com\/wp-content\/uploads\/2016\/11\/societe-alzheimer.jpg","datePublished":"2016-11-12T02:27:37+00:00","dateModified":"2022-11-22T02:27:52+00:00","breadcrumb":{"@id":"https:\/\/www.valprovost.com\/en\/project\/societe-alzheimer-des-maskoutains-vallee-des-patriotes\/#breadcrumb"},"inLanguage":"en-US","potentialAction":[{"@type":"ReadAction","target":["https:\/\/www.valprovost.com\/en\/project\/societe-alzheimer-des-maskoutains-vallee-des-patriotes\/"]}]},{"@type":"ImageObject","inLanguage":"en-US","@id":"https:\/\/www.valprovost.com\/en\/project\/societe-alzheimer-des-maskoutains-vallee-des-patriotes\/#primaryimage","url":"https:\/\/www.valprovost.com\/wp-content\/uploads\/2016\/11\/societe-alzheimer.jpg","contentUrl":"https:\/\/www.valprovost.com\/wp-content\/uploads\/2016\/11\/societe-alzheimer.jpg","width":1215,"height":1814},{"@type":"BreadcrumbList","@id":"https:\/\/www.valprovost.com\/en\/project\/societe-alzheimer-des-maskoutains-vallee-des-patriotes\/#breadcrumb","itemListElement":[{"@type":"ListItem","position":1,"name":"Accueil","item":"https:\/\/www.valprovost.com\/en\/"},{"@type":"ListItem","position":2,"name":"Projects","item":"https:\/\/www.valprovost.com\/en\/projets\/"},{"@type":"ListItem","position":3,"name":"Soci\u00e9t\u00e9 Alzheimer des Maskoutains-Vall\u00e9e des Patriotes"}]},{"@type":"WebSite","@id":"https:\/\/www.valprovost.com\/en\/#website","url":"https:\/\/www.valprovost.com\/en\/","name":"Val\u00e9rie Provost - Conception web","description":"Sp\u00e9cialiste WordPress et Shopify","publisher":{"@id":"https:\/\/www.valprovost.com\/en\/#organization"},"potentialAction":[{"@type":"SearchAction","target":{"@type":"EntryPoint","urlTemplate":"https:\/\/www.valprovost.com\/en\/?s={search_term_string}"},"query-input":{"@type":"PropertyValueSpecification","valueRequired":true,"valueName":"search_term_string"}}],"inLanguage":"en-US"},{"@type":"Organization","@id":"https:\/\/www.valprovost.com\/en\/#organization","name":"Val\u00e9rie Provost - Conception web","url":"https:\/\/www.valprovost.com\/en\/","logo":{"@type":"ImageObject","inLanguage":"en-US","@id":"https:\/\/www.valprovost.com\/en\/#\/schema\/logo\/image\/","url":"https:\/\/www.valprovost.com\/wp-content\/uploads\/2022\/11\/logo_2022_v01.png","contentUrl":"https:\/\/www.valprovost.com\/wp-content\/uploads\/2022\/11\/logo_2022_v01.png","width":"600","height":"200","caption":"Val\u00e9rie Provost - Conception web"},"image":{"@id":"https:\/\/www.valprovost.com\/en\/#\/schema\/logo\/image\/"},"sameAs":["https:\/\/www.facebook.com\/valerie.provost.web\/","https:\/\/www.linkedin.com\/in\/valerieprovost\/","https:\/\/www.pinterest.com\/valerieprovost\/"]}]}},"_links":{"self":[{"href":"https:\/\/www.valprovost.com\/en\/wp-json\/wp\/v2\/cpt_projets\/2361","targetHints":{"allow":["GET"]}}],"collection":[{"href":"https:\/\/www.valprovost.com\/en\/wp-json\/wp\/v2\/cpt_projets"}],"about":[{"href":"https:\/\/www.valprovost.com\/en\/wp-json\/wp\/v2\/types\/cpt_projets"}],"wp:featuredmedia":[{"embeddable":true,"href":"https:\/\/www.valprovost.com\/en\/wp-json\/wp\/v2\/media\/1583"}],"wp:attachment":[{"href":"https:\/\/www.valprovost.com\/en\/wp-json\/wp\/v2\/media?parent=2361"}],"wp:term":[{"taxonomy":"cpt_projets_cat","embeddable":true,"href":"https:\/\/www.valprovost.com\/en\/wp-json\/wp\/v2\/cpt_projets_cat?post=2361"},{"taxonomy":"cpt_projets_design","embeddable":true,"href":"https:\/\/www.valprovost.com\/en\/wp-json\/wp\/v2\/cpt_projets_design?post=2361"},{"taxonomy":"cpt_projets_charge","embeddable":true,"href":"https:\/\/www.valprovost.com\/en\/wp-json\/wp\/v2\/cpt_projets_charge?post=2361"}],"curies":[{"name":"wp","href":"https:\/\/api.w.org\/{rel}","templated":true}]}}